{"id":3344,"date":"2020-08-22T21:23:46","date_gmt":"2020-08-22T21:23:46","guid":{"rendered":"https:\/\/historieta.cl\/?post_type=product&amp;p=3344"},"modified":"2020-08-22T21:23:46","modified_gmt":"2020-08-22T21:23:46","slug":"monica-la-nina-daltonica-y-federico-el-perro-psicodelico","status":"publish","type":"product","link":"https:\/\/huvuz.com\/historieta\/product\/monica-la-nina-daltonica-y-federico-el-perro-psicodelico\/","title":{"rendered":"M\u00d3NICA, LA NI\u00d1A DALT\u00d3NICA Y FEDERICO, EL PERRO PSICOD\u00c9LICO"},"content":{"rendered":"<p>&nbsp;<\/p>\n<table>\n<tbody>\n<tr>\n<td><span style=\"font-weight: 400;\">Autor<\/span><\/td>\n<td><span style=\"font-weight: 400;\">GABRIEL AIQUEL<\/span><\/td>\n<\/tr>\n<tr>\n<td><span style=\"font-weight: 400;\">Editorial<\/span><\/td>\n<td><span style=\"font-weight: 400;\">Arcano IV<\/span><\/td>\n<\/tr>\n<tr>\n<td><span style=\"font-weight: 400;\">Colecci\u00f3n<\/span><\/td>\n<td><span style=\"font-weight: 400;\">\u00d1AU<\/span><\/td>\n<\/tr>\n<tr>\n<td><span style=\"font-weight: 400;\">A\u00f1o<\/span><\/td>\n<td><span style=\"font-weight: 400;\">2019<\/span><\/td>\n<\/tr>\n<tr>\n<td><span style=\"font-weight: 400;\">Idioma<\/span><\/td>\n<td><span style=\"font-weight: 400;\">ESPA\u00d1OL<\/span><\/td>\n<\/tr>\n<tr>\n<td><span style=\"font-weight: 400;\">N\u00ba de p\u00e1ginas<\/span><\/td>\n<td><span style=\"font-weight: 400;\">40 COLOR<\/span><\/td>\n<\/tr>\n<tr>\n<td><span style=\"font-weight: 400;\">Encuadernaci\u00f3n<\/span><\/td>\n<td><span style=\"font-weight: 400;\">TAPA DURA<\/span><\/td>\n<\/tr>\n<tr>\n<td><span style=\"font-weight: 400;\">ISBN<\/span><\/td>\n<td><span style=\"font-weight: 400;\">9789568849313<\/span><\/td>\n<\/tr>\n<\/tbody>\n<\/table>\n","protected":false},"excerpt":{"rendered":"<p><span style=\"font-weight: 400;\">Esta historia nos relata, a trav\u00e9s de coloridas p\u00e1ginas y un poco de humor, la historia de Federico, un perro que no ha podido encontrar hogar por lo vibrante y cambiante de su pelaje, que es demasiado extravagante para el gusto de la mayor\u00eda de las personas. Pero se encuentra con<\/span><\/p>\n<p><span style=\"font-weight: 400;\">M\u00f3nica, una ni\u00f1a que tiene daltonismo y ve los colores de manera distinta, por lo que se da cuenta que \u201cser diferente\u201d no es una categor\u00eda negativa. Y M\u00f3nica nos ense\u00f1a, a trav\u00e9s de su propia aceptaci\u00f3n, el valor que debemos reconocer en nosotros mismos.<\/span><\/p>\n","protected":false},"featured_media":3347,"template":"","meta":[],"product_brand":[],"product_cat":[165],"product_tag":[],"class_list":{"0":"post-3344","1":"product","2":"type-product","3":"status-publish","4":"has-post-thumbnail","6":"product_cat-arcano-iv","8":"first","9":"instock","10":"shipping-taxable","11":"purchasable","12":"product-type-simple"},"_links":{"self":[{"href":"https:\/\/huvuz.com\/historieta\/wp-json\/wp\/v2\/product\/3344","targetHints":{"allow":["GET"]}}],"collection":[{"href":"https:\/\/huvuz.com\/historieta\/wp-json\/wp\/v2\/product"}],"about":[{"href":"https:\/\/huvuz.com\/historieta\/wp-json\/wp\/v2\/types\/product"}],"version-history":[{"count":0,"href":"https:\/\/huvuz.com\/historieta\/wp-json\/wp\/v2\/product\/3344\/revisions"}],"wp:featuredmedia":[{"embeddable":true,"href":"https:\/\/huvuz.com\/historieta\/wp-json\/wp\/v2\/media\/3347"}],"wp:attachment":[{"href":"https:\/\/huvuz.com\/historieta\/wp-json\/wp\/v2\/media?parent=3344"}],"wp:term":[{"taxonomy":"product_brand","embeddable":true,"href":"https:\/\/huvuz.com\/historieta\/wp-json\/wp\/v2\/product_brand?post=3344"},{"taxonomy":"product_cat","embeddable":true,"href":"https:\/\/huvuz.com\/historieta\/wp-json\/wp\/v2\/product_cat?post=3344"},{"taxonomy":"product_tag","embeddable":true,"href":"https:\/\/huvuz.com\/historieta\/wp-json\/wp\/v2\/product_tag?post=3344"}],"curies":[{"name":"wp","href":"https:\/\/api.w.org\/{rel}","templated":true}]}}